{"id":163,"date":"2021-02-06T14:01:31","date_gmt":"2021-02-06T14:01:31","guid":{"rendered":"https:\/\/klbtheme.com\/cosmetsy\/?post_type=product&#038;p=163"},"modified":"2025-09-24T22:15:15","modified_gmt":"2025-09-24T22:15:15","slug":"superfood-glow-priming-moisturiser","status":"publish","type":"product","link":"https:\/\/belsancosmetica.com\/index.php\/product\/superfood-glow-priming-moisturiser\/","title":{"rendered":"B\u00c1LSAMO DE CAL\u00c9NDULA Y AVENA 250ml"},"content":{"rendered":"<p class=\"p2\"><span class=\"s1\"><span class=\"Apple-converted-space\">\u00a0<\/span><\/span><b>Ingredientes Activos: <\/b>Cal\u00e9ndula, avena, t\u00e9 verde (camellia sinensis), aceite de arg\u00e1n (argania spinoza), aceite de escualeno, tea tree oil.<span class=\"Apple-converted-space\">\u00a0<\/span><\/p>\n<p class=\"p2\"><b>Modo de uso: <\/b>Aplicar en las partes afectadas con la mayor limpieza posible 2 a 3 veces al d\u00eda<span class=\"Apple-converted-space\">\u00a0<\/span><\/p>\n<p class=\"p2\"><b>Precauciones: <\/b>Solo para uso externo. Mant\u00e9ngase fuera del alcance de los ni\u00f1os. Evite el contacto con los ojos. Si presenta hipersensibilidad a alguno de los componentes de la formula suspenda su uso y consulte a su m\u00e9dico. Deber\u00e1 evitarse la aplicaci\u00f3n en zonas con lesi\u00f3n expuesta. Mantenga el producto en un lugar fresco y seco.<span class=\"Apple-converted-space\">\u00a0<\/span><\/p>\n<p class=\"p2\"><b>Contenido neto<\/b>: 250ml.<span class=\"Apple-converted-space\">\u00a0<\/span><\/p>\n<p><span class=\"s1\">\u2022 <\/span><b>Producto \u00fatil tambi\u00e9n en pacientes de Oncolog\u00eda con escoriaciones producidas por quimioterapias<span class=\"Apple-converted-space\">\u00a0<\/span><\/b><\/p>\n<p>\u2022 <b>Coadyuvante en lesiones producidas por quemaduras, radiaciones, psoriasis, eczema etc.<span class=\"Apple-converted-space\">\u00a0<\/span><\/b><\/p>\n<p>\u2022 Producto Libre de Qu\u00edmicos<span class=\"Apple-converted-space\">\u00a0<\/span><\/p>\n<p>\u2022 <b>\u00datil en Piel At\u00f3pica y en General para todo tipo de Piel<span class=\"Apple-converted-space\">\u00a0<\/span><\/b><\/p>\n<p>\u2022 Uso Facial Y Corporal<span class=\"Apple-converted-space\">\u00a0<\/span><\/p>\n<p>\u2022 Uso en Ni\u00f1os y Adultos<span class=\"Apple-converted-space\">\u00a0<\/span><\/p>\n<p>\u2022 Hipoalerg\u00e9nico (no provoca alergias)<span class=\"Apple-converted-space\">\u00a0<\/span><\/p>\n<p>\u2022 Libre de Parabenos<span class=\"Apple-converted-space\">\u00a0<\/span><\/p>\n<p>\u2022 No Probado en Animales<span class=\"Apple-converted-space\">\u00a0<\/span><\/p>\n","protected":false},"excerpt":{"rendered":"<p><span style=\"font-weight: 400;\">El B\u00e1lsamo de Cal\u00e9ndula y Avena Lenitive, es un b\u00e1lsamo calmante de uso t\u00f3pico libre de parabenos, auxiliar en el uso de pieles extremadamente secas y sensibles; contribuyendo a la vez a la recuperaci\u00f3n de lesiones producidas por quemaduras, radiaciones, psoriasis, eszema etc.<\/span><\/p>\n<p><span style=\"font-weight: 400;\">\u00a0Con especial aceptaci\u00f3n y resultados en pacientes de oncolog\u00eda que sufren de escoriaciones producidas por las quimioterapias.<\/span><\/p>\n<p><img fetchpriority=\"high\" decoding=\"async\" class=\"aligncenter wp-image-2280 size-full\" src=\"http:\/\/belsancosmetica.com\/wp-content\/uploads\/2023\/05\/Sellos.jpg\" alt=\"\" width=\"800\" height=\"168\" srcset=\"https:\/\/belsancosmetica.com\/wp-content\/uploads\/2023\/05\/Sellos.jpg 800w, https:\/\/belsancosmetica.com\/wp-content\/uploads\/2023\/05\/Sellos-300x63.jpg 300w, https:\/\/belsancosmetica.com\/wp-content\/uploads\/2023\/05\/Sellos-768x161.jpg 768w, https:\/\/belsancosmetica.com\/wp-content\/uploads\/2023\/05\/Sellos-90x19.jpg 90w\" sizes=\"(max-width: 800px) 100vw, 800px\" \/><\/p>\n<div class=\"descuentos\">\n<p><strong>DESCUENTOS:<\/strong><strong>15% a partir de 2,000 pesos &#8211; Usa el c\u00f3digo: <em>distribuidor15<\/em> en el checkout<\/strong><\/p>\n<p><strong>30% a partir de 6,000 pesos &#8211; Usa el c\u00f3digo: <em>distribuidor30<\/em> en el checkout<\/strong><\/p>\n<p><strong>40% a partir de 10,000 pesos &#8211; Usa el c\u00f3digo: <em>distribuidor40<\/em> en el checkout<\/strong><\/p>\n<\/div>\n","protected":false},"featured_media":2141,"comment_status":"open","ping_status":"closed","template":"","meta":{"_themeisle_gutenberg_block_has_review":false},"product_cat":[92],"product_tag":[],"class_list":{"0":"post-163","1":"product","2":"type-product","3":"status-publish","4":"has-post-thumbnail","6":"product_cat-lenitive-terapeuticos","8":"first","9":"instock","10":"shipping-taxable","11":"purchasable","12":"product-type-simple"},"aioseo_notices":[],"_links":{"self":[{"href":"https:\/\/belsancosmetica.com\/index.php\/wp-json\/wp\/v2\/product\/163","targetHints":{"allow":["GET"]}}],"collection":[{"href":"https:\/\/belsancosmetica.com\/index.php\/wp-json\/wp\/v2\/product"}],"about":[{"href":"https:\/\/belsancosmetica.com\/index.php\/wp-json\/wp\/v2\/types\/product"}],"replies":[{"embeddable":true,"href":"https:\/\/belsancosmetica.com\/index.php\/wp-json\/wp\/v2\/comments?post=163"}],"wp:featuredmedia":[{"embeddable":true,"href":"https:\/\/belsancosmetica.com\/index.php\/wp-json\/wp\/v2\/media\/2141"}],"wp:attachment":[{"href":"https:\/\/belsancosmetica.com\/index.php\/wp-json\/wp\/v2\/media?parent=163"}],"wp:term":[{"taxonomy":"product_cat","embeddable":true,"href":"https:\/\/belsancosmetica.com\/index.php\/wp-json\/wp\/v2\/product_cat?post=163"},{"taxonomy":"product_tag","embeddable":true,"href":"https:\/\/belsancosmetica.com\/index.php\/wp-json\/wp\/v2\/product_tag?post=163"}],"curies":[{"name":"wp","href":"https:\/\/api.w.org\/{rel}","templated":true}]}}